{"id":220,"date":"2024-09-05T13:55:47","date_gmt":"2024-09-05T10:55:47","guid":{"rendered":"https:\/\/lajotek.com.br\/novo\/index.php\/home-2\/"},"modified":"2024-10-02T17:40:12","modified_gmt":"2024-10-02T14:40:12","slug":"lajes-pre-moldadas-curitiba-lajotek-se-destaca-na-fabricacao-de-lajes-vigas-pre-moldadas-e-blocos-de-eps-para-construcoes-residenciais-e-comerciais-em-curitiba-e-regiao","status":"publish","type":"page","link":"https:\/\/lajotek.com.br\/","title":{"rendered":"In\u00edcio"},"content":{"rendered":"\n<p class=\"has-base-color has-text-color has-link-color has-small-font-size wp-elements-559ce0c92ec3e8da7dc82a47068b8559\" style=\"margin-top:-30px;padding-top:0px;padding-bottom:0px;letter-spacing:0px\">Lajes pr\u00e9-moldadas Curitiba.<\/p>\n\n\n\n<div class=\"wp-block-columns alignfull is-layout-flex wp-container-core-columns-is-layout-1 wp-block-columns-is-layout-flex\">\n<div class=\"wp-block-column is-layout-flow wp-container-core-column-is-layout-1 wp-block-column-is-layout-flow\" style=\"padding-top:0;padding-right:0;padding-bottom:0;padding-left:0;flex-basis:100%\">\n<div class=\"wp-block-cover has-parallax\" style=\"min-height:60vh;aspect-ratio:unset;\"><span aria-hidden=\"true\" class=\"wp-block-cover__background has-contrast-background-color has-background-dim-60 has-background-dim\"><\/span><div role=\"img\" aria-label=\"Constru\u00e7\u00e3o Laje, gerada por IA - Mobile\" class=\"wp-block-cover__image-background wp-image-877 has-parallax\" style=\"background-position:50% 50%;background-image:url(https:\/\/lajotek.com.br\/wp-content\/uploads\/2024\/10\/Leonardo_Phoenix_550.webp)\"><\/div><div class=\"wp-block-cover__inner-container has-global-padding is-layout-constrained wp-block-cover-is-layout-constrained\">\n<div class=\"wp-block-group has-global-padding is-layout-constrained wp-block-group-is-layout-constrained\">\n<h2 class=\"wp-block-heading has-text-align-center has-large-font-size\">Lajes pr\u00e9-moldadas de qualidade para sua constru\u00e7\u00e3o<\/h2>\n\n\n\n<div style=\"height:20px\" aria-hidden=\"true\" class=\"wp-block-spacer\"><\/div>\n\n\n\n<p class=\"has-text-align-center\">Desde 1986, atendendo clientes em Curitiba e regi\u00e3o com excel\u00eancia.<\/p>\n\n\n\n<div style=\"height:20px\" aria-hidden=\"true\" class=\"wp-block-spacer\"><\/div>\n\n\n\n<div class=\"wp-block-buttons is-content-justification-center is-layout-flex wp-container-core-buttons-is-layout-1 wp-block-buttons-is-layout-flex\">\n<div class=\"wp-block-button\"><a class=\"wp-block-button__link has-text-align-center wp-element-button\" href=\"https:\/\/lajotek.com.br\/index.php\/sobre-a-lajotek\/\">Saiba mais<\/a><\/div>\n<\/div>\n<\/div>\n<\/div><\/div>\n<\/div>\n<\/div>\n\n\n\n<div class=\"wp-block-group alignfull has-base-2-background-color has-background has-global-padding is-layout-constrained wp-container-core-group-is-layout-12 wp-block-group-is-layout-constrained\" style=\"margin-top:0;margin-bottom:0;padding-top:var(--wp--preset--spacing--40);padding-right:var(--wp--preset--spacing--50);padding-bottom:var(--wp--preset--spacing--40);padding-left:var(--wp--preset--spacing--50)\">\n<h2 class=\"wp-block-heading has-text-align-center\">Nossos Produtos<\/h2>\n\n\n\n<div class=\"wp-block-group alignwide is-vertical is-content-justification-stretch is-layout-flex wp-container-core-group-is-layout-2 wp-block-group-is-layout-flex\">\n<p class=\"has-text-align-center\" style=\"margin-top:var(--wp--preset--spacing--10);font-size:clamp(0.875rem, 0.875rem + ((1vw - 0.2rem) * 0.417), 1.125rem);\">Oferecemos lajes de alta qualidade para constru\u00e7\u00f5es residenciais e comerciais, com atendimento excepcional ao cliente.<\/p>\n<\/div>\n\n\n\n<div style=\"height:var(--wp--preset--spacing--30)\" aria-hidden=\"true\" class=\"wp-block-spacer\"><\/div>\n\n\n\n<div class=\"wp-block-columns alignwide is-layout-flex wp-container-core-columns-is-layout-2 wp-block-columns-is-layout-flex\">\n<div class=\"wp-block-column has-gradient-1-gradient-background has-background is-layout-flow wp-block-column-is-layout-flow\" style=\"border-top-color:var(--wp--preset--color--contrast-3);border-top-width:1px;padding-top:var(--wp--preset--spacing--30);padding-right:var(--wp--preset--spacing--30);padding-bottom:var(--wp--preset--spacing--10);padding-left:var(--wp--preset--spacing--30)\">\n<figure class=\"wp-block-image size-large\"><a href=\"https:\/\/lajotek.com.br\/index.php\/produto-laje-trelica-eps\/\"><img loading=\"lazy\" decoding=\"async\" width=\"1024\" height=\"645\" src=\"https:\/\/lajotek.com.br\/wp-content\/uploads\/2024\/10\/lajeTrelicaEPS-1024x645.webp\" alt=\"Esquema de Laje Treli\u00e7a com EPS\" class=\"wp-image-777\" style=\"object-fit:cover\" srcset=\"https:\/\/lajotek.com.br\/wp-content\/uploads\/2024\/10\/lajeTrelicaEPS-1024x645.webp 1024w, https:\/\/lajotek.com.br\/wp-content\/uploads\/2024\/10\/lajeTrelicaEPS-300x189.webp 300w, https:\/\/lajotek.com.br\/wp-content\/uploads\/2024\/10\/lajeTrelicaEPS-768x484.webp 768w, https:\/\/lajotek.com.br\/wp-content\/uploads\/2024\/10\/lajeTrelicaEPS-png.webp 1248w\" sizes=\"auto, (max-width: 1024px) 100vw, 1024px\" \/><\/a><\/figure>\n\n\n\n<h4 class=\"wp-block-heading has-text-align-center has-medium-font-size\" style=\"padding-top:1px\"><strong>Laje Treli\u00e7a EPS<\/strong><\/h4>\n\n\n\n<div style=\"height:var(--wp--preset--spacing--10)\" aria-hidden=\"true\" class=\"wp-block-spacer\"><\/div>\n\n\n\n<div class=\"wp-block-group is-vertical is-content-justification-stretch is-layout-flex wp-container-core-group-is-layout-3 wp-block-group-is-layout-flex\">\n<p class=\"has-text-align-center has-small-font-size\">Laje pr\u00e9-moldada com vigas de treli\u00e7a e enchimento em blocos de EPS: solu\u00e7\u00e3o leve e eficiente para constru\u00e7\u00f5es, com \u00f3timo isolamento t\u00e9rmico.<\/p>\n\n\n\n<hr class=\"wp-block-separator has-text-color has-contrast-3-color has-alpha-channel-opacity has-contrast-3-background-color has-background is-style-wide\"\/>\n<\/div>\n\n\n\n<div style=\"height:16px\" aria-hidden=\"true\" class=\"wp-block-spacer\"><\/div>\n\n\n\n<div class=\"wp-block-buttons is-content-justification-center is-layout-flex wp-container-core-buttons-is-layout-2 wp-block-buttons-is-layout-flex\">\n<div class=\"wp-block-button has-custom-width wp-block-button__width-100 is-style-outline is-style-outline--1\"><a class=\"wp-block-button__link wp-element-button\" href=\"https:\/\/lajotek.com.br\/index.php\/produto-laje-trelica-eps\/\">LAJE TRELI\u00c7A EPS<\/a><\/div>\n<\/div>\n<\/div>\n\n\n\n<div class=\"wp-block-column has-gradient-1-gradient-background has-background is-layout-flow wp-block-column-is-layout-flow\" style=\"border-top-color:var(--wp--preset--color--contrast);border-top-width:2px;padding-top:var(--wp--preset--spacing--30);padding-right:var(--wp--preset--spacing--30);padding-bottom:var(--wp--preset--spacing--10);padding-left:var(--wp--preset--spacing--30)\">\n<figure class=\"wp-block-image size-large\"><a href=\"https:\/\/lajotek.com.br\/index.php\/produto-laje-trelica-ceramica\/\"><img loading=\"lazy\" decoding=\"async\" width=\"1024\" height=\"651\" src=\"https:\/\/lajotek.com.br\/wp-content\/uploads\/2024\/10\/lajeTrelicaCeramica-1024x651.webp\" alt=\"Esquema de Laje Treli\u00e7a com Blocos de Cer\u00e2mica\" class=\"wp-image-779\" style=\"object-fit:cover\" srcset=\"https:\/\/lajotek.com.br\/wp-content\/uploads\/2024\/10\/lajeTrelicaCeramica-1024x651.webp 1024w, https:\/\/lajotek.com.br\/wp-content\/uploads\/2024\/10\/lajeTrelicaCeramica-300x191.webp 300w, https:\/\/lajotek.com.br\/wp-content\/uploads\/2024\/10\/lajeTrelicaCeramica-768x489.webp 768w, https:\/\/lajotek.com.br\/wp-content\/uploads\/2024\/10\/lajeTrelicaCeramica-png.webp 1344w\" sizes=\"auto, (max-width: 1024px) 100vw, 1024px\" \/><\/a><\/figure>\n\n\n\n<h4 class=\"wp-block-heading has-text-align-center has-medium-font-size\"><strong>Laje Treli\u00e7a Cer\u00e2mica<\/strong><\/h4>\n\n\n\n<div style=\"height:var(--wp--preset--spacing--10)\" aria-hidden=\"true\" class=\"wp-block-spacer\"><\/div>\n\n\n\n<div class=\"wp-block-group is-vertical is-content-justification-stretch is-layout-flex wp-container-core-group-is-layout-4 wp-block-group-is-layout-flex\">\n<p class=\"has-text-align-center has-small-font-size\">Laje pr\u00e9-moldada com vigas de treli\u00e7a e blocos de cer\u00e2mica: combina resist\u00eancia e efici\u00eancia para constru\u00e7\u00f5es r\u00e1pidas e dur\u00e1veis.<\/p>\n\n\n\n<hr class=\"wp-block-separator has-text-color has-contrast-3-color has-alpha-channel-opacity has-contrast-3-background-color has-background is-style-wide\"\/>\n<\/div>\n\n\n\n<div style=\"height:var(--wp--preset--spacing--10)\" aria-hidden=\"true\" class=\"wp-block-spacer\"><\/div>\n\n\n\n<div class=\"wp-block-buttons is-content-justification-center is-layout-flex wp-container-core-buttons-is-layout-3 wp-block-buttons-is-layout-flex\">\n<div class=\"wp-block-button has-custom-width wp-block-button__width-100 is-style-fill\"><a class=\"wp-block-button__link wp-element-button\" href=\"https:\/\/lajotek.com.br\/index.php\/produto-laje-trelica-ceramica\/\">LAJE TRELI\u00c7A CER\u00c2MICA<\/a><\/div>\n<\/div>\n<\/div>\n\n\n\n<div class=\"wp-block-column oculto has-gradient-1-gradient-background has-background is-layout-flow wp-block-column-is-layout-flow\" style=\"border-top-color:var(--wp--preset--color--contrast-3);border-top-width:1px;padding-top:var(--wp--preset--spacing--30);padding-right:var(--wp--preset--spacing--30);padding-bottom:var(--wp--preset--spacing--10);padding-left:var(--wp--preset--spacing--30)\">\n<figure class=\"wp-block-image aligncenter size-full\"><a href=\"https:\/\/lajotek.com.br\/index.php\/produto-escoras-de-bracatinga\/\"><img loading=\"lazy\" decoding=\"async\" width=\"450\" height=\"295\" src=\"https:\/\/lajotek.com.br\/wp-content\/uploads\/2024\/10\/escoras_bracatinga-jpg.webp\" alt=\"Escora em Bracatinga\" class=\"wp-image-782\" style=\"object-fit:cover\" srcset=\"https:\/\/lajotek.com.br\/wp-content\/uploads\/2024\/10\/escoras_bracatinga-jpg.webp 450w, https:\/\/lajotek.com.br\/wp-content\/uploads\/2024\/10\/escoras_bracatinga-300x197.webp 300w\" sizes=\"auto, (max-width: 450px) 100vw, 450px\" \/><\/a><\/figure>\n\n\n\n<h4 class=\"wp-block-heading has-text-align-center has-medium-font-size\" style=\"padding-top:1px\"><strong>Escoras<\/strong><\/h4>\n\n\n\n<div style=\"height:var(--wp--preset--spacing--10)\" aria-hidden=\"true\" class=\"wp-block-spacer\"><\/div>\n\n\n\n<div class=\"wp-block-group is-vertical is-content-justification-stretch is-layout-flex wp-container-core-group-is-layout-5 wp-block-group-is-layout-flex\">\n<p class=\"has-text-align-center has-small-font-size\">Escoras de bracatinga para laje pr\u00e9-moldada: leves, resistentes e sustent\u00e1veis, oferecem suporte seguro e eficiente durante a cura do concreto. Ideal para obras.<\/p>\n\n\n\n<hr class=\"wp-block-separator has-text-color has-contrast-3-color has-alpha-channel-opacity has-contrast-3-background-color has-background is-style-wide\"\/>\n<\/div>\n\n\n\n<div style=\"height:var(--wp--preset--spacing--10)\" aria-hidden=\"true\" class=\"wp-block-spacer\"><\/div>\n\n\n\n<div class=\"wp-block-buttons is-content-justification-center is-layout-flex wp-container-core-buttons-is-layout-4 wp-block-buttons-is-layout-flex\">\n<div class=\"wp-block-button has-custom-width wp-block-button__width-100 is-style-outline is-style-outline--2\"><a class=\"wp-block-button__link wp-element-button\" href=\"https:\/\/lajotek.com.br\/index.php\/produto-escoras-de-bracatinga\/\">ESCORAS<\/a><\/div>\n<\/div>\n<\/div>\n<\/div>\n\n\n\n<div class=\"wp-block-columns alignwide is-layout-flex wp-container-core-columns-is-layout-3 wp-block-columns-is-layout-flex\">\n<div class=\"wp-block-column has-gradient-1-gradient-background has-background is-layout-flow wp-block-column-is-layout-flow\" style=\"border-top-color:var(--wp--preset--color--contrast-3);border-top-width:1px;padding-top:var(--wp--preset--spacing--30);padding-right:var(--wp--preset--spacing--30);padding-bottom:var(--wp--preset--spacing--10);padding-left:var(--wp--preset--spacing--30)\">\n<figure class=\"wp-block-image size-large is-style-default wp-duotone-unset-3\" style=\"margin-top:0;margin-right:0;margin-bottom:0;margin-left:0\"><a href=\"https:\/\/lajotek.com.br\/index.php\/produto-laje-trelica-bidirecional\/\"><img loading=\"lazy\" decoding=\"async\" width=\"1024\" height=\"652\" src=\"https:\/\/lajotek.com.br\/wp-content\/uploads\/2024\/10\/lajeBidirecional-1024x652.webp\" alt=\"Esquema de Laje Bidirecional com Blocos EPS\" class=\"wp-image-781\" srcset=\"https:\/\/lajotek.com.br\/wp-content\/uploads\/2024\/10\/lajeBidirecional-1024x652.webp 1024w, https:\/\/lajotek.com.br\/wp-content\/uploads\/2024\/10\/lajeBidirecional-300x191.webp 300w, https:\/\/lajotek.com.br\/wp-content\/uploads\/2024\/10\/lajeBidirecional-768x489.webp 768w, https:\/\/lajotek.com.br\/wp-content\/uploads\/2024\/10\/lajeBidirecional-png.webp 1335w\" sizes=\"auto, (max-width: 1024px) 100vw, 1024px\" \/><\/a><\/figure>\n\n\n\n<h4 class=\"wp-block-heading has-text-align-center has-medium-font-size\" style=\"padding-top:1px\"><strong>Laje Bidirecional<\/strong><\/h4>\n\n\n\n<div style=\"height:var(--wp--preset--spacing--10)\" aria-hidden=\"true\" class=\"wp-block-spacer\"><\/div>\n\n\n\n<div class=\"wp-block-group is-vertical is-content-justification-stretch is-layout-flex wp-container-core-group-is-layout-6 wp-block-group-is-layout-flex\">\n<p class=\"has-text-align-center has-small-font-size\">Produtos Lajes Pr\u00e9-moldadas Bidirecional com EPS \u00e9 uma solu\u00e7\u00e3o eficiente e moderna com robustez estrutural, isolamento e facilidade de instala\u00e7\u00e3o.<\/p>\n\n\n\n<hr class=\"wp-block-separator has-text-color has-contrast-3-color has-alpha-channel-opacity has-contrast-3-background-color has-background is-style-wide\"\/>\n<\/div>\n\n\n\n<div style=\"height:var(--wp--preset--spacing--10)\" aria-hidden=\"true\" class=\"wp-block-spacer\"><\/div>\n\n\n\n<div class=\"wp-block-buttons is-content-justification-center is-layout-flex wp-container-core-buttons-is-layout-5 wp-block-buttons-is-layout-flex\">\n<div class=\"wp-block-button has-custom-width wp-block-button__width-100 is-style-outline is-style-outline--4\"><a class=\"wp-block-button__link wp-element-button\" href=\"https:\/\/lajotek.com.br\/index.php\/produto-laje-trelica-bidirecional\/\">MAIS SOBRE BIDIRECIONAL<\/a><\/div>\n<\/div>\n<\/div>\n\n\n\n<div class=\"wp-block-column has-gradient-1-gradient-background has-background is-layout-flow wp-block-column-is-layout-flow\" style=\"border-top-color:var(--wp--preset--color--contrast);border-top-width:2px;padding-top:var(--wp--preset--spacing--30);padding-right:var(--wp--preset--spacing--30);padding-bottom:var(--wp--preset--spacing--10);padding-left:var(--wp--preset--spacing--30)\">\n<figure class=\"wp-block-image size-large\"><a href=\"https:\/\/lajotek.com.br\/index.php\/laje-convencional-eps-ou-ceramica\/\"><img loading=\"lazy\" decoding=\"async\" width=\"1024\" height=\"651\" src=\"https:\/\/lajotek.com.br\/wp-content\/uploads\/2024\/10\/lajeTrelicaCeramica-1024x651.webp\" alt=\"Esquema de Laje Treli\u00e7a com Blocos de Cer\u00e2mica\" class=\"wp-image-779\" style=\"object-fit:cover\" srcset=\"https:\/\/lajotek.com.br\/wp-content\/uploads\/2024\/10\/lajeTrelicaCeramica-1024x651.webp 1024w, https:\/\/lajotek.com.br\/wp-content\/uploads\/2024\/10\/lajeTrelicaCeramica-300x191.webp 300w, https:\/\/lajotek.com.br\/wp-content\/uploads\/2024\/10\/lajeTrelicaCeramica-768x489.webp 768w, https:\/\/lajotek.com.br\/wp-content\/uploads\/2024\/10\/lajeTrelicaCeramica-png.webp 1344w\" sizes=\"auto, (max-width: 1024px) 100vw, 1024px\" \/><\/a><\/figure>\n\n\n\n<h4 class=\"wp-block-heading has-text-align-center has-medium-font-size\"><strong>Laje Convencional<\/strong><\/h4>\n\n\n\n<div style=\"height:var(--wp--preset--spacing--10)\" aria-hidden=\"true\" class=\"wp-block-spacer\"><\/div>\n\n\n\n<div class=\"wp-block-group is-vertical is-content-justification-stretch is-layout-flex wp-container-core-group-is-layout-7 wp-block-group-is-layout-flex\">\n<p class=\"has-text-align-center has-small-font-size\">Laje pr\u00e9-moldada convencional com blocos de EPS ou cer\u00e2mica: oferece resist\u00eancia, leveza e excelente custo benef\u00edcio para constru\u00e7\u00f5es.<\/p>\n\n\n\n<hr class=\"wp-block-separator has-text-color has-contrast-3-color has-alpha-channel-opacity has-contrast-3-background-color has-background is-style-wide\"\/>\n<\/div>\n\n\n\n<div style=\"height:var(--wp--preset--spacing--10)\" aria-hidden=\"true\" class=\"wp-block-spacer\"><\/div>\n\n\n\n<div class=\"wp-block-buttons is-content-justification-center is-layout-flex wp-container-core-buttons-is-layout-6 wp-block-buttons-is-layout-flex\">\n<div class=\"wp-block-button has-custom-width wp-block-button__width-100 is-style-fill\"><a class=\"wp-block-button__link wp-element-button\" href=\"https:\/\/lajotek.com.br\/index.php\/laje-convencional-eps-ou-ceramica\/\">MIAS SOBRE CONVENCIONAL<\/a><\/div>\n<\/div>\n<\/div>\n\n\n\n<div class=\"wp-block-column has-gradient-1-gradient-background has-background is-layout-flow wp-block-column-is-layout-flow\" style=\"border-top-color:var(--wp--preset--color--contrast-3);border-top-width:1px;padding-top:var(--wp--preset--spacing--30);padding-right:var(--wp--preset--spacing--30);padding-bottom:var(--wp--preset--spacing--10);padding-left:var(--wp--preset--spacing--30)\">\n<figure class=\"wp-block-image size-large\"><a href=\"https:\/\/lajotek.com.br\/index.php\/produto-laje-mini-painel\/\"><img loading=\"lazy\" decoding=\"async\" width=\"1024\" height=\"649\" src=\"https:\/\/lajotek.com.br\/wp-content\/uploads\/2024\/10\/lajePainel-1024x649.webp\" alt=\"Esquema de Laje Mini painel 30cm com Blocos EPS\" class=\"wp-image-778\" srcset=\"https:\/\/lajotek.com.br\/wp-content\/uploads\/2024\/10\/lajePainel-1024x649.webp 1024w, https:\/\/lajotek.com.br\/wp-content\/uploads\/2024\/10\/lajePainel-300x190.webp 300w, https:\/\/lajotek.com.br\/wp-content\/uploads\/2024\/10\/lajePainel-768x487.webp 768w, https:\/\/lajotek.com.br\/wp-content\/uploads\/2024\/10\/lajePainel-png.webp 1335w\" sizes=\"auto, (max-width: 1024px) 100vw, 1024px\" \/><\/a><\/figure>\n\n\n\n<h4 class=\"wp-block-heading has-text-align-center has-medium-font-size\" style=\"padding-top:1px\"><strong>Laje Mini Painel<\/strong><\/h4>\n\n\n\n<div style=\"height:var(--wp--preset--spacing--10)\" aria-hidden=\"true\" class=\"wp-block-spacer\"><\/div>\n\n\n\n<div class=\"wp-block-group is-vertical is-content-justification-stretch is-layout-flex wp-container-core-group-is-layout-8 wp-block-group-is-layout-flex\">\n<p class=\"has-text-align-center has-small-font-size\">Laje pr\u00e9-moldada mini painel 30cm com enchimento em blocos de EPS: solu\u00e7\u00e3o eficiente para constru\u00e7\u00f5es, com \u00f3timo acabamento e resist\u00eancia<\/p>\n\n\n\n<hr class=\"wp-block-separator has-text-color has-contrast-3-color has-alpha-channel-opacity has-contrast-3-background-color has-background is-style-wide\"\/>\n<\/div>\n\n\n\n<div style=\"height:var(--wp--preset--spacing--10)\" aria-hidden=\"true\" class=\"wp-block-spacer\"><\/div>\n\n\n\n<div class=\"wp-block-buttons is-content-justification-center is-layout-flex wp-container-core-buttons-is-layout-7 wp-block-buttons-is-layout-flex\">\n<div class=\"wp-block-button has-custom-width wp-block-button__width-100 is-style-outline is-style-outline--5\"><a class=\"wp-block-button__link wp-element-button\" href=\"https:\/\/lajotek.com.br\/index.php\/produto-laje-mini-painel\/\">MAIS SOBRE MINI PAINEL<\/a><\/div>\n<\/div>\n<\/div>\n<\/div>\n\n\n\n<div class=\"wp-block-columns alignwide is-layout-flex wp-container-core-columns-is-layout-4 wp-block-columns-is-layout-flex\">\n<div class=\"wp-block-column has-gradient-1-gradient-background has-background is-layout-flow wp-block-column-is-layout-flow\" style=\"border-top-color:var(--wp--preset--color--contrast-3);border-top-width:1px;padding-top:var(--wp--preset--spacing--30);padding-right:var(--wp--preset--spacing--30);padding-bottom:var(--wp--preset--spacing--10);padding-left:var(--wp--preset--spacing--30)\">\n<figure class=\"wp-block-image aligncenter size-full is-resized is-style-default wp-duotone-unset-6\" style=\"margin-top:0;margin-right:0;margin-bottom:0;margin-left:0\"><a href=\"https:\/\/lajotek.com.br\/index.php\/produto-caixa-de-luz-concreto-para-laje\/\"><img loading=\"lazy\" decoding=\"async\" width=\"150\" height=\"112\" src=\"https:\/\/lajotek.com.br\/wp-content\/uploads\/2024\/10\/caixaLuz-jpg.webp\" alt=\"Modelo de Caixa de Luz em Concreto para embutir em laje\" class=\"wp-image-783\" style=\"width:244px\"\/><\/a><\/figure>\n\n\n\n<h4 class=\"wp-block-heading has-text-align-center has-medium-font-size\" style=\"padding-top:1px\"><strong>Caixa de Luz<\/strong><\/h4>\n\n\n\n<div style=\"height:var(--wp--preset--spacing--10)\" aria-hidden=\"true\" class=\"wp-block-spacer\"><\/div>\n\n\n\n<div class=\"wp-block-group is-vertical is-content-justification-stretch is-layout-flex wp-container-core-group-is-layout-9 wp-block-group-is-layout-flex\">\n<p class=\"has-text-align-center has-small-font-size\">Caixa de luz em concreto para laje pr\u00e9-moldada: ideal para embutir instala\u00e7\u00f5es el\u00e9tricas, garantindo seguran\u00e7a, durabilidade e um acabamento limpo na obra.<\/p>\n\n\n\n<hr class=\"wp-block-separator has-text-color has-contrast-3-color has-alpha-channel-opacity has-contrast-3-background-color has-background is-style-wide\"\/>\n<\/div>\n\n\n\n<div style=\"height:var(--wp--preset--spacing--10)\" aria-hidden=\"true\" class=\"wp-block-spacer\"><\/div>\n\n\n\n<div class=\"wp-block-buttons is-content-justification-center is-layout-flex wp-container-core-buttons-is-layout-8 wp-block-buttons-is-layout-flex\">\n<div class=\"wp-block-button has-custom-width wp-block-button__width-100 is-style-outline is-style-outline--7\"><a class=\"wp-block-button__link wp-element-button\" href=\"https:\/\/lajotek.com.br\/index.php\/produto-caixa-de-luz-concreto-para-laje\/\">CAIXA DE LUZ<\/a><\/div>\n<\/div>\n<\/div>\n\n\n\n<div class=\"wp-block-column has-gradient-1-gradient-background has-background is-layout-flow wp-block-column-is-layout-flow\" style=\"border-top-color:var(--wp--preset--color--contrast);border-top-width:2px;padding-top:var(--wp--preset--spacing--30);padding-right:var(--wp--preset--spacing--30);padding-bottom:var(--wp--preset--spacing--10);padding-left:var(--wp--preset--spacing--30)\">\n<figure class=\"wp-block-image aligncenter size-full is-resized\"><a href=\"https:\/\/lajotek.com.br\/index.php\/produto-blocos-enchimento-eps\/\"><img loading=\"lazy\" decoding=\"async\" width=\"555\" height=\"370\" src=\"https:\/\/lajotek.com.br\/wp-content\/uploads\/2024\/10\/eps_tecnocell-jpg.webp\" alt=\"Bloco de EPS para Laje Pr\u00e9-Moldada\" class=\"wp-image-784\" style=\"width:244px\" srcset=\"https:\/\/lajotek.com.br\/wp-content\/uploads\/2024\/10\/eps_tecnocell-jpg.webp 555w, https:\/\/lajotek.com.br\/wp-content\/uploads\/2024\/10\/eps_tecnocell-300x200.webp 300w\" sizes=\"auto, (max-width: 555px) 100vw, 555px\" \/><\/a><\/figure>\n\n\n\n<h4 class=\"wp-block-heading has-text-align-center has-medium-font-size\"><strong>Bloco de EPS <\/strong><\/h4>\n\n\n\n<div style=\"height:var(--wp--preset--spacing--10)\" aria-hidden=\"true\" class=\"wp-block-spacer\"><\/div>\n\n\n\n<div class=\"wp-block-group is-vertical is-content-justification-stretch is-layout-flex wp-container-core-group-is-layout-10 wp-block-group-is-layout-flex\">\n<p class=\"has-text-align-center has-small-font-size\">Blocos de enchimento em EPS para laje pr\u00e9-moldada: leves e isolantes, ideais para constru\u00e7\u00e3o e personaliz\u00e1veis para outros usos sob encomenda. Versatilidade e efici\u00eancia!<\/p>\n\n\n\n<hr class=\"wp-block-separator has-text-color has-contrast-3-color has-alpha-channel-opacity has-contrast-3-background-color has-background is-style-wide\"\/>\n<\/div>\n\n\n\n<div style=\"height:var(--wp--preset--spacing--10)\" aria-hidden=\"true\" class=\"wp-block-spacer\"><\/div>\n\n\n\n<div class=\"wp-block-buttons is-content-justification-center is-layout-flex wp-container-core-buttons-is-layout-9 wp-block-buttons-is-layout-flex\">\n<div class=\"wp-block-button has-custom-width wp-block-button__width-100 is-style-fill\"><a class=\"wp-block-button__link wp-element-button\" href=\"https:\/\/lajotek.com.br\/index.php\/produto-blocos-enchimento-eps\/\">BLOCO EPS<\/a><\/div>\n<\/div>\n<\/div>\n\n\n\n<div class=\"wp-block-column has-gradient-1-gradient-background has-background is-layout-flow wp-block-column-is-layout-flow\" style=\"border-top-color:var(--wp--preset--color--contrast-3);border-top-width:1px;padding-top:var(--wp--preset--spacing--30);padding-right:var(--wp--preset--spacing--30);padding-bottom:var(--wp--preset--spacing--10);padding-left:var(--wp--preset--spacing--30)\">\n<figure class=\"wp-block-image aligncenter size-full is-resized\"><a href=\"https:\/\/lajotek.com.br\/index.php\/produto-trelicas-metalicas\/\"><img loading=\"lazy\" decoding=\"async\" width=\"374\" height=\"250\" src=\"https:\/\/lajotek.com.br\/wp-content\/uploads\/2024\/10\/gerdau_trelica-png.webp\" alt=\"Viga Treli\u00e7a Gerdau\" class=\"wp-image-785\" style=\"width:244px;height:auto\" srcset=\"https:\/\/lajotek.com.br\/wp-content\/uploads\/2024\/10\/gerdau_trelica-png.webp 374w, https:\/\/lajotek.com.br\/wp-content\/uploads\/2024\/10\/gerdau_trelica-300x201.webp 300w\" sizes=\"auto, (max-width: 374px) 100vw, 374px\" \/><\/a><\/figure>\n\n\n\n<h4 class=\"wp-block-heading has-text-align-center has-medium-font-size\" style=\"padding-top:1px\"><strong>Treli\u00e7a<\/strong><\/h4>\n\n\n\n<div style=\"height:var(--wp--preset--spacing--10)\" aria-hidden=\"true\" class=\"wp-block-spacer\"><\/div>\n\n\n\n<div class=\"wp-block-group is-vertical is-content-justification-stretch is-layout-flex wp-container-core-group-is-layout-11 wp-block-group-is-layout-flex\">\n<p class=\"has-text-align-center has-small-font-size\">Treli\u00e7as met\u00e1licas para laje pr\u00e9-moldada: resistentes e vers\u00e1teis, ideais para suporte de lajes, colunas e vigas, garantindo estabilidade e seguran\u00e7a na constru\u00e7\u00e3o.<\/p>\n\n\n\n<hr class=\"wp-block-separator has-text-color has-contrast-3-color has-alpha-channel-opacity has-contrast-3-background-color has-background is-style-wide\"\/>\n<\/div>\n\n\n\n<div style=\"height:var(--wp--preset--spacing--10)\" aria-hidden=\"true\" class=\"wp-block-spacer\"><\/div>\n\n\n\n<div class=\"wp-block-buttons is-content-justification-center is-layout-flex wp-container-core-buttons-is-layout-10 wp-block-buttons-is-layout-flex\">\n<div class=\"wp-block-button has-custom-width wp-block-button__width-100 is-style-outline is-style-outline--8\"><a class=\"wp-block-button__link wp-element-button\" href=\"https:\/\/lajotek.com.br\/index.php\/produto-trelicas-metalicas\/\">TRELI\u00c7A<\/a><\/div>\n<\/div>\n<\/div>\n<\/div>\n<\/div>\n\n\n\n<div class=\"wp-block-group alignfull has-global-padding is-layout-constrained wp-container-core-group-is-layout-19 wp-block-group-is-layout-constrained\" style=\"margin-top:0;margin-bottom:0;padding-top:var(--wp--preset--spacing--40);padding-right:var(--wp--preset--spacing--50);padding-bottom:var(--wp--preset--spacing--40);padding-left:var(--wp--preset--spacing--50)\">\n<div class=\"wp-block-group alignwide is-vertical is-content-justification-center is-layout-flex wp-container-core-group-is-layout-18 wp-block-group-is-layout-flex\">\n<div class=\"wp-block-columns alignwide is-layout-flex wp-container-core-columns-is-layout-5 wp-block-columns-is-layout-flex\">\n<div class=\"wp-block-column is-vertically-aligned-center is-layout-flow wp-block-column-is-layout-flow\" style=\"flex-basis:50%\">\n<figure class=\"wp-block-image aligncenter size-full is-resized has-custom-border\"><img loading=\"lazy\" decoding=\"async\" width=\"400\" height=\"265\" src=\"https:\/\/lajotek.com.br\/wp-content\/uploads\/2024\/10\/escritorio-jpeg.webp\" alt=\"Foto externa do Escrit\u00f3rio da Lajotek\" class=\"wp-image-776\" style=\"border-radius:20px;width:412px;height:auto\" srcset=\"https:\/\/lajotek.com.br\/wp-content\/uploads\/2024\/10\/escritorio-jpeg.webp 400w, https:\/\/lajotek.com.br\/wp-content\/uploads\/2024\/10\/escritorio-300x199.webp 300w\" sizes=\"auto, (max-width: 400px) 100vw, 400px\" \/><\/figure>\n<\/div>\n\n\n\n<div class=\"wp-block-column is-vertically-aligned-stretch is-layout-flow wp-block-column-is-layout-flow\" style=\"flex-basis:50%\">\n<div class=\"wp-block-group is-vertical is-content-justification-stretch is-layout-flex wp-container-core-group-is-layout-14 wp-block-group-is-layout-flex\" style=\"min-height:100%\">\n<h2 class=\"wp-block-heading\">Sobre a Lajotek<\/h2>\n\n\n\n<div class=\"wp-block-group is-layout-flow wp-block-group-is-layout-flow\">\n<p class=\"wp-container-content-1\">Nossa empresa foi fundada em 1986 e desde ent\u00e3o nos comprometemos a fabricar apenas produtos com a melhor qualidade e assegurar total seguran\u00e7a nas lajes que projetamos, sempre seguindo os mais altos padr\u00f5es de produ\u00e7\u00e3o e as Normas da ABNT. <\/p>\n\n\n\n<div class=\"wp-block-buttons is-layout-flex wp-block-buttons-is-layout-flex\">\n<div class=\"wp-block-button\"><a class=\"wp-block-button__link wp-element-button\" href=\"https:\/\/lajotek.com.br\/index.php\/sobre-a-lajotek\/\">Saiba mais<\/a><\/div>\n<\/div>\n<\/div>\n<\/div>\n<\/div>\n<\/div>\n\n\n\n<div class=\"wp-block-columns alignwide is-layout-flex wp-container-core-columns-is-layout-6 wp-block-columns-is-layout-flex\">\n<div class=\"wp-block-column is-vertically-aligned-center is-layout-flow wp-block-column-is-layout-flow\" style=\"flex-basis:50%\">\n<div class=\"wp-block-group is-vertical is-content-justification-stretch is-layout-flex wp-container-core-group-is-layout-16 wp-block-group-is-layout-flex\" style=\"min-height:100%\">\n<h2 class=\"wp-block-heading\">Nossa Miss\u00e3o<\/h2>\n\n\n\n<div class=\"wp-block-group is-layout-flow wp-block-group-is-layout-flow\">\n<p class=\"wp-container-content-2\">Oferecer solu\u00e7\u00f5es inovadoras e eficientes em lajes pr\u00e9-moldadas, garantindo qualidade, durabilidade e agilidade para nossos clientes. Comprometidos com a excel\u00eancia e a satisfa\u00e7\u00e3o, buscamos ser l\u00edderes no setor de constru\u00e7\u00e3o, promovendo a sustentabilidade e o desenvolvimento de projetos de alta performance.<\/p>\n\n\n\n<p class=\"wp-container-content-3\">Fabricar lajes pr\u00e9-moldadas em Curitiba e regi\u00e3o.<\/p>\n<\/div>\n<\/div>\n<\/div>\n\n\n\n<div class=\"wp-block-column is-vertically-aligned-stretch is-layout-flow wp-block-column-is-layout-flow\" style=\"flex-basis:50%\">\n<div class=\"wp-block-group has-global-padding is-layout-constrained wp-block-group-is-layout-constrained\">\n<figure class=\"wp-block-image aligncenter size-full is-resized is-style-rounded is-style-rounded--9\"><img loading=\"lazy\" decoding=\"async\" width=\"424\" height=\"283\" src=\"https:\/\/lajotek.com.br\/wp-content\/uploads\/2024\/10\/escritorio_interno-jpg.webp\" alt=\"Imagem de trabalhadores no escrit\u00f3rio\" class=\"wp-image-775\" style=\"width:398px;height:auto\" srcset=\"https:\/\/lajotek.com.br\/wp-content\/uploads\/2024\/10\/escritorio_interno-jpg.webp 424w, https:\/\/lajotek.com.br\/wp-content\/uploads\/2024\/10\/escritorio_interno-300x200.webp 300w\" sizes=\"auto, (max-width: 424px) 100vw, 424px\" \/><\/figure>\n<\/div>\n<\/div>\n<\/div>\n<\/div>\n<\/div>\n\n\n\n<div class=\"wp-block-group alignfull has-base-2-background-color has-background has-global-padding is-layout-constrained wp-container-core-group-is-layout-21 wp-block-group-is-layout-constrained\" style=\"margin-top:0;margin-bottom:0;padding-top:var(--wp--preset--spacing--50);padding-right:var(--wp--preset--spacing--50);padding-bottom:var(--wp--preset--spacing--50);padding-left:var(--wp--preset--spacing--50)\">\n<div class=\"wp-block-group is-vertical is-content-justification-center is-layout-flex wp-container-core-group-is-layout-20 wp-block-group-is-layout-flex\">\n<h2 class=\"wp-block-heading has-text-align-center is-style-default\">Lajotek &#8211; Lajes pr\u00e9-moldadas Curitiba<\/h2>\n\n\n\n<div style=\"height:0px\" aria-hidden=\"true\" class=\"wp-block-spacer wp-container-content-4\"><\/div>\n\n\n\n<p class=\"has-text-align-center\">Alguns de nossos projetos<\/p>\n<\/div>\n\n\n\n<div style=\"margin-top:0;margin-bottom:0;height:35px\" aria-hidden=\"true\" class=\"wp-block-spacer\"><\/div>\n\n\n\n<div class=\"wp-block-columns alignwide is-layout-flex wp-container-core-columns-is-layout-7 wp-block-columns-is-layout-flex\">\n<div class=\"wp-block-column is-layout-flow wp-container-core-column-is-layout-15 wp-block-column-is-layout-flow\">\n<h3 class=\"wp-block-heading has-text-align-left is-style-default has-body-font-family has-medium-font-size\" style=\"font-style:normal;font-weight:600\">Laje Treli\u00e7a com Cer\u00e2mica<\/h3>\n\n\n\n<figure class=\"wp-block-image aligncenter size-full is-style-default\"><img loading=\"lazy\" decoding=\"async\" width=\"960\" height=\"960\" src=\"https:\/\/lajotek.com.br\/wp-content\/uploads\/2024\/09\/WhatsApp-Image-2024-03-18-at-09.12.23-edited.jpg\" alt=\"Laje Pr\u00e9-moldada com cer\u00e2mica\" class=\"wp-image-716\" style=\"object-fit:cover\" srcset=\"https:\/\/lajotek.com.br\/wp-content\/uploads\/2024\/09\/WhatsApp-Image-2024-03-18-at-09.12.23-edited.jpg 960w, https:\/\/lajotek.com.br\/wp-content\/uploads\/2024\/09\/WhatsApp-Image-2024-03-18-at-09.12.23-edited-300x300.jpg 300w, https:\/\/lajotek.com.br\/wp-content\/uploads\/2024\/09\/WhatsApp-Image-2024-03-18-at-09.12.23-edited-150x150.jpg 150w, https:\/\/lajotek.com.br\/wp-content\/uploads\/2024\/09\/WhatsApp-Image-2024-03-18-at-09.12.23-edited-768x768.jpg 768w\" sizes=\"auto, (max-width: 960px) 100vw, 960px\" \/><\/figure>\n<\/div>\n\n\n\n<div class=\"wp-block-column is-layout-flow wp-container-core-column-is-layout-16 wp-block-column-is-layout-flow\">\n<h3 class=\"wp-block-heading has-text-align-left is-style-default has-body-font-family has-medium-font-size\" style=\"font-style:normal;font-weight:600\">Laje Mini Painel &#8211; Barrac\u00e3o<\/h3>\n\n\n\n<figure class=\"wp-block-image aligncenter size-large is-style-default\"><img loading=\"lazy\" decoding=\"async\" width=\"960\" height=\"960\" src=\"https:\/\/lajotek.com.br\/wp-content\/uploads\/2024\/09\/WhatsApp-Image-2024-03-18-at-09.12.24-edited-1.jpg\" alt=\"Laje Mini Painel - Barrac\u00e3o\" class=\"wp-image-715\" style=\"object-fit:cover\" srcset=\"https:\/\/lajotek.com.br\/wp-content\/uploads\/2024\/09\/WhatsApp-Image-2024-03-18-at-09.12.24-edited-1.jpg 960w, https:\/\/lajotek.com.br\/wp-content\/uploads\/2024\/09\/WhatsApp-Image-2024-03-18-at-09.12.24-edited-1-300x300.jpg 300w, https:\/\/lajotek.com.br\/wp-content\/uploads\/2024\/09\/WhatsApp-Image-2024-03-18-at-09.12.24-edited-1-150x150.jpg 150w, https:\/\/lajotek.com.br\/wp-content\/uploads\/2024\/09\/WhatsApp-Image-2024-03-18-at-09.12.24-edited-1-768x768.jpg 768w\" sizes=\"auto, (max-width: 960px) 100vw, 960px\" \/><\/figure>\n<\/div>\n\n\n\n<div class=\"wp-block-column is-layout-flow wp-container-core-column-is-layout-17 wp-block-column-is-layout-flow\">\n<h3 class=\"wp-block-heading has-text-align-left is-style-default has-body-font-family has-medium-font-size\" style=\"font-style:normal;font-weight:600\">Laje Bidirecional<\/h3>\n\n\n\n<figure class=\"wp-block-image size-full\"><img loading=\"lazy\" decoding=\"async\" width=\"768\" height=\"768\" src=\"https:\/\/lajotek.com.br\/wp-content\/uploads\/2024\/09\/WhatsApp-Image-2024-03-18-at-09.16.59-edited.jpg\" alt=\"Laje Pr\u00e9-moldada bidirecional com EPS\" class=\"wp-image-717\" style=\"object-fit:cover\" srcset=\"https:\/\/lajotek.com.br\/wp-content\/uploads\/2024\/09\/WhatsApp-Image-2024-03-18-at-09.16.59-edited.jpg 768w, https:\/\/lajotek.com.br\/wp-content\/uploads\/2024\/09\/WhatsApp-Image-2024-03-18-at-09.16.59-edited-300x300.jpg 300w, https:\/\/lajotek.com.br\/wp-content\/uploads\/2024\/09\/WhatsApp-Image-2024-03-18-at-09.16.59-edited-150x150.jpg 150w\" sizes=\"auto, (max-width: 768px) 100vw, 768px\" \/><\/figure>\n<\/div>\n<\/div>\n\n\n\n<div style=\"height:var(--wp--preset--spacing--20)\" aria-hidden=\"true\" class=\"wp-block-spacer\"><\/div>\n\n\n\n<div class=\"wp-block-columns alignwide is-layout-flex wp-container-core-columns-is-layout-8 wp-block-columns-is-layout-flex\">\n<div class=\"wp-block-column is-layout-flow wp-container-core-column-is-layout-18 wp-block-column-is-layout-flow\">\n<h3 class=\"wp-block-heading has-text-align-left is-style-default has-body-font-family has-medium-font-size\" style=\"font-style:normal;font-weight:600\">Laje com Cer\u00e2mica<\/h3>\n\n\n\n<figure class=\"wp-block-image size-large\"><img loading=\"lazy\" decoding=\"async\" width=\"648\" height=\"648\" src=\"https:\/\/lajotek.com.br\/wp-content\/uploads\/2024\/09\/WhatsApp-Image-2024-03-18-at-09.12.23-1-edited.jpg\" alt=\"Laje Pr\u00e9-moldada com cer\u00e2mica com escoramento\" class=\"wp-image-718\" srcset=\"https:\/\/lajotek.com.br\/wp-content\/uploads\/2024\/09\/WhatsApp-Image-2024-03-18-at-09.12.23-1-edited.jpg 648w, https:\/\/lajotek.com.br\/wp-content\/uploads\/2024\/09\/WhatsApp-Image-2024-03-18-at-09.12.23-1-edited-300x300.jpg 300w, https:\/\/lajotek.com.br\/wp-content\/uploads\/2024\/09\/WhatsApp-Image-2024-03-18-at-09.12.23-1-edited-150x150.jpg 150w\" sizes=\"auto, (max-width: 648px) 100vw, 648px\" \/><\/figure>\n<\/div>\n\n\n\n<div class=\"wp-block-column is-layout-flow wp-container-core-column-is-layout-19 wp-block-column-is-layout-flow\">\n<h3 class=\"wp-block-heading has-text-align-left is-style-default has-body-font-family has-medium-font-size\" style=\"font-style:normal;font-weight:600\">Vigas Laje Treli\u00e7a<\/h3>\n\n\n\n<figure class=\"wp-block-image size-large\"><img loading=\"lazy\" decoding=\"async\" width=\"899\" height=\"899\" src=\"https:\/\/lajotek.com.br\/wp-content\/uploads\/2024\/09\/WhatsApp-Image-2024-03-18-at-09.17.02-edited.jpg\" alt=\"Estoque laje trelil\u00e7a\" class=\"wp-image-719\" srcset=\"https:\/\/lajotek.com.br\/wp-content\/uploads\/2024\/09\/WhatsApp-Image-2024-03-18-at-09.17.02-edited.jpg 899w, https:\/\/lajotek.com.br\/wp-content\/uploads\/2024\/09\/WhatsApp-Image-2024-03-18-at-09.17.02-edited-300x300.jpg 300w, https:\/\/lajotek.com.br\/wp-content\/uploads\/2024\/09\/WhatsApp-Image-2024-03-18-at-09.17.02-edited-150x150.jpg 150w, https:\/\/lajotek.com.br\/wp-content\/uploads\/2024\/09\/WhatsApp-Image-2024-03-18-at-09.17.02-edited-768x768.jpg 768w\" sizes=\"auto, (max-width: 899px) 100vw, 899px\" \/><\/figure>\n<\/div>\n\n\n\n<div class=\"wp-block-column is-layout-flow wp-container-core-column-is-layout-20 wp-block-column-is-layout-flow\">\n<h3 class=\"wp-block-heading has-text-align-left is-style-default has-body-font-family has-medium-font-size\" style=\"font-style:normal;font-weight:600\">Laje com Armaduras<\/h3>\n\n\n\n<figure class=\"wp-block-image size-large\"><img loading=\"lazy\" decoding=\"async\" width=\"780\" height=\"780\" src=\"https:\/\/lajotek.com.br\/wp-content\/uploads\/2024\/09\/WhatsApp-Image-2024-03-18-at-09.17.01-edited.jpg\" alt=\"Laje Pr\u00e9-moldada com cer\u00e2mica\" class=\"wp-image-720\" srcset=\"https:\/\/lajotek.com.br\/wp-content\/uploads\/2024\/09\/WhatsApp-Image-2024-03-18-at-09.17.01-edited.jpg 780w, https:\/\/lajotek.com.br\/wp-content\/uploads\/2024\/09\/WhatsApp-Image-2024-03-18-at-09.17.01-edited-300x300.jpg 300w, https:\/\/lajotek.com.br\/wp-content\/uploads\/2024\/09\/WhatsApp-Image-2024-03-18-at-09.17.01-edited-150x150.jpg 150w, https:\/\/lajotek.com.br\/wp-content\/uploads\/2024\/09\/WhatsApp-Image-2024-03-18-at-09.17.01-edited-768x768.jpg 768w\" sizes=\"auto, (max-width: 780px) 100vw, 780px\" \/><\/figure>\n<\/div>\n<\/div>\n<\/div>\n\n\n\n<div class=\"wp-block-group alignfull has-global-padding is-layout-constrained wp-container-core-group-is-layout-23 wp-block-group-is-layout-constrained\" style=\"margin-top:0;margin-bottom:0;padding-top:var(--wp--preset--spacing--50);padding-right:var(--wp--preset--spacing--50);padding-bottom:var(--wp--preset--spacing--50);padding-left:var(--wp--preset--spacing--50)\">\n<h2 class=\"wp-block-heading alignwide has-x-large-font-size\" style=\"margin-top:0;margin-bottom:var(--wp--preset--spacing--40);line-height:1\">Informa\u00e7\u00f5es Adicionais<\/h2>\n\n\n\n<div class=\"wp-block-group alignwide has-global-padding is-layout-constrained wp-block-group-is-layout-constrained\">\n<div data-wp-context=\"{}\" data-wp-interactive=\"core\/query\" data-wp-key=\"10\" data-wp-router-region=\"query-10\" class=\"wp-block-query alignwide is-layout-flow wp-block-query-is-layout-flow\"><ul class=\"wp-block-post-template is-layout-flow wp-block-post-template-is-layout-flow\"><li data-wp-key=\"post-template-item-536\" class=\"wp-block-post post-536 post type-post status-publish format-standard hentry category-uncategorized tag-laje-pre-moldada\">\n\n<hr class=\"wp-block-separator has-text-color has-contrast-3-color has-alpha-channel-opacity has-contrast-3-background-color has-background alignwide is-style-wide\"\/>\n\n\n\n<div class=\"wp-block-columns alignwide are-vertically-aligned-center is-layout-flex wp-container-core-columns-is-layout-9 wp-block-columns-is-layout-flex\" style=\"margin-top:var(--wp--preset--spacing--20);margin-bottom:var(--wp--preset--spacing--20)\">\n<div class=\"wp-block-column is-vertically-aligned-center is-layout-flow wp-block-column-is-layout-flow\" style=\"flex-basis:72%\"><h2 style=\"font-size:clamp(0.984rem, 0.984rem + ((1vw - 0.2rem) * 0.86), 1.5rem);line-height:1.1;\" class=\"wp-block-post-title\"><a href=\"https:\/\/lajotek.com.br\/index.php\/2024\/09\/10\/o-que-e-laje-pre-moldada\/\" target=\"_self\" >O que \u00e9 Laje Pr\u00e9-Moldada<\/a><\/h2><\/div>\n<\/div>\n\n<\/li><li data-wp-key=\"post-template-item-532\" class=\"wp-block-post post-532 post type-post status-publish format-standard hentry category-uncategorized tag-lajes-pre-moldadas tag-manual\">\n\n<hr class=\"wp-block-separator has-text-color has-contrast-3-color has-alpha-channel-opacity has-contrast-3-background-color has-background alignwide is-style-wide\"\/>\n\n\n\n<div class=\"wp-block-columns alignwide are-vertically-aligned-center is-layout-flex wp-container-core-columns-is-layout-10 wp-block-columns-is-layout-flex\" style=\"margin-top:var(--wp--preset--spacing--20);margin-bottom:var(--wp--preset--spacing--20)\">\n<div class=\"wp-block-column is-vertically-aligned-center is-layout-flow wp-block-column-is-layout-flow\" style=\"flex-basis:72%\"><h2 style=\"font-size:clamp(0.984rem, 0.984rem + ((1vw - 0.2rem) * 0.86), 1.5rem);line-height:1.1;\" class=\"wp-block-post-title\"><a href=\"https:\/\/lajotek.com.br\/index.php\/2024\/09\/10\/manual-tecnico-da-laje-pre-moldada\/\" target=\"_self\" >Manual t\u00e9cnico da Laje Pr\u00e9-moldada<\/a><\/h2><\/div>\n<\/div>\n\n<\/li><li data-wp-key=\"post-template-item-646\" class=\"wp-block-post post-646 post type-post status-publish format-standard hentry category-uncategorized tag-politica-de-garantia\">\n\n<hr class=\"wp-block-separator has-text-color has-contrast-3-color has-alpha-channel-opacity has-contrast-3-background-color has-background alignwide is-style-wide\"\/>\n\n\n\n<div class=\"wp-block-columns alignwide are-vertically-aligned-center is-layout-flex wp-container-core-columns-is-layout-11 wp-block-columns-is-layout-flex\" style=\"margin-top:var(--wp--preset--spacing--20);margin-bottom:var(--wp--preset--spacing--20)\">\n<div class=\"wp-block-column is-vertically-aligned-center is-layout-flow wp-block-column-is-layout-flow\" style=\"flex-basis:72%\"><h2 style=\"font-size:clamp(0.984rem, 0.984rem + ((1vw - 0.2rem) * 0.86), 1.5rem);line-height:1.1;\" class=\"wp-block-post-title\"><a href=\"https:\/\/lajotek.com.br\/index.php\/2024\/09\/10\/politica-de-garantia\/\" target=\"_self\" >Pol\u00edtica de Garantia<\/a><\/h2><\/div>\n<\/div>\n\n<\/li><li data-wp-key=\"post-template-item-542\" class=\"wp-block-post post-542 post type-post status-publish format-standard hentry category-uncategorized\">\n\n<hr class=\"wp-block-separator has-text-color has-contrast-3-color has-alpha-channel-opacity has-contrast-3-background-color has-background alignwide is-style-wide\"\/>\n\n\n\n<div class=\"wp-block-columns alignwide are-vertically-aligned-center is-layout-flex wp-container-core-columns-is-layout-12 wp-block-columns-is-layout-flex\" style=\"margin-top:var(--wp--preset--spacing--20);margin-bottom:var(--wp--preset--spacing--20)\">\n<div class=\"wp-block-column is-vertically-aligned-center is-layout-flow wp-block-column-is-layout-flow\" style=\"flex-basis:72%\"><h2 style=\"font-size:clamp(0.984rem, 0.984rem + ((1vw - 0.2rem) * 0.86), 1.5rem);line-height:1.1;\" class=\"wp-block-post-title\"><a href=\"https:\/\/lajotek.com.br\/index.php\/2024\/09\/10\/vaos-de-lajes-pre-moldadas\/\" target=\"_self\" >V\u00e3os de Lajes Pr\u00e9-moldadas<\/a><\/h2><\/div>\n<\/div>\n\n<\/li><li data-wp-key=\"post-template-item-540\" class=\"wp-block-post post-540 post type-post status-publish format-standard hentry category-uncategorized\">\n\n<hr class=\"wp-block-separator has-text-color has-contrast-3-color has-alpha-channel-opacity has-contrast-3-background-color has-background alignwide is-style-wide\"\/>\n\n\n\n<div class=\"wp-block-columns alignwide are-vertically-aligned-center is-layout-flex wp-container-core-columns-is-layout-13 wp-block-columns-is-layout-flex\" style=\"margin-top:var(--wp--preset--spacing--20);margin-bottom:var(--wp--preset--spacing--20)\">\n<div class=\"wp-block-column is-vertically-aligned-center is-layout-flow wp-block-column-is-layout-flow\" style=\"flex-basis:72%\"><h2 style=\"font-size:clamp(0.984rem, 0.984rem + ((1vw - 0.2rem) * 0.86), 1.5rem);line-height:1.1;\" class=\"wp-block-post-title\"><a href=\"https:\/\/lajotek.com.br\/index.php\/2024\/09\/10\/vantagens-do-enchimento-de-eps-em-lajes\/\" target=\"_self\" >Vantagens do Enchimento de EPS em Lajes<\/a><\/h2><\/div>\n<\/div>\n\n<\/li><li data-wp-key=\"post-template-item-538\" class=\"wp-block-post post-538 post type-post status-publish format-standard hentry category-uncategorized\">\n\n<hr class=\"wp-block-separator has-text-color has-contrast-3-color has-alpha-channel-opacity has-contrast-3-background-color has-background alignwide is-style-wide\"\/>\n\n\n\n<div class=\"wp-block-columns alignwide are-vertically-aligned-center is-layout-flex wp-container-core-columns-is-layout-14 wp-block-columns-is-layout-flex\" style=\"margin-top:var(--wp--preset--spacing--20);margin-bottom:var(--wp--preset--spacing--20)\">\n<div class=\"wp-block-column is-vertically-aligned-center is-layout-flow wp-block-column-is-layout-flow\" style=\"flex-basis:72%\"><h2 style=\"font-size:clamp(0.984rem, 0.984rem + ((1vw - 0.2rem) * 0.86), 1.5rem);line-height:1.1;\" class=\"wp-block-post-title\"><a href=\"https:\/\/lajotek.com.br\/index.php\/2024\/09\/10\/glossario-de-termos-tecnicos\/\" target=\"_self\" >Gloss\u00e1rio de termos t\u00e9cnicos<\/a><\/h2><\/div>\n<\/div>\n\n<\/li><li data-wp-key=\"post-template-item-534\" class=\"wp-block-post post-534 post type-post status-publish format-standard hentry category-uncategorized tag-cargas-acidentais tag-lajes tag-lajes-trelicas\">\n\n<hr class=\"wp-block-separator has-text-color has-contrast-3-color has-alpha-channel-opacity has-contrast-3-background-color has-background alignwide is-style-wide\"\/>\n\n\n\n<div class=\"wp-block-columns alignwide are-vertically-aligned-center is-layout-flex wp-container-core-columns-is-layout-15 wp-block-columns-is-layout-flex\" style=\"margin-top:var(--wp--preset--spacing--20);margin-bottom:var(--wp--preset--spacing--20)\">\n<div class=\"wp-block-column is-vertically-aligned-center is-layout-flow wp-block-column-is-layout-flow\" style=\"flex-basis:72%\"><h2 style=\"font-size:clamp(0.984rem, 0.984rem + ((1vw - 0.2rem) * 0.86), 1.5rem);line-height:1.1;\" class=\"wp-block-post-title\"><a href=\"https:\/\/lajotek.com.br\/index.php\/2024\/09\/10\/cargas-acidenteis-em-lajes\/\" target=\"_self\" >Cargas acidentais em Lajes<\/a><\/h2><\/div>\n<\/div>\n\n<\/li><\/ul>\n\n\n<div style=\"height:var(--wp--preset--spacing--30)\" aria-hidden=\"true\" class=\"wp-block-spacer\"><\/div>\n\n\n<nav class=\"wp-block-query-pagination is-content-justification-space-between is-layout-flex wp-container-core-query-pagination-is-layout-1 wp-block-query-pagination-is-layout-flex\" aria-label=\"Pagina\u00e7\u00e3o\">\n\n\n<div class=\"wp-block-query-pagination-numbers\"><span data-wp-key=\"index-0\" aria-current=\"page\" class=\"page-numbers current\">1<\/span>\n<a data-wp-key=\"index-1\" data-wp-on--click=\"core\/query::actions.navigate\" class=\"page-numbers\" href=\"?query-10-page=2\">2<\/a><\/div>\n\n<a data-wp-key=\"query-pagination-next\" data-wp-on--click=\"core\/query::actions.navigate\" data-wp-on-async--mouseenter=\"core\/query::actions.prefetch\" data-wp-watch=\"core\/query::callbacks.prefetch\" href=\"\/index.php\/wp-json\/wp\/v2\/pages\/220?query-10-page=2\" class=\"wp-block-query-pagination-next\">Pr\u00f3xima p\u00e1gina<span class='wp-block-query-pagination-next-arrow is-arrow-arrow' aria-hidden='true'>\u2192<\/span><\/a>\n<\/nav>\n\n<\/div>\n<\/div>\n<\/div>\n\n\n\n<p><\/p>\n","protected":false},"excerpt":{"rendered":"<p>Lajes pr\u00e9-moldadas Curitiba. Lajotek &#8211; Lajes pr\u00e9-moldadas Curitiba Alguns de nossos projetos Laje Treli\u00e7a com Cer\u00e2mica Laje Mini Painel &#8211; Barrac\u00e3o Laje Bidirecional Laje com Cer\u00e2mica Vigas Laje Treli\u00e7a Laje com Armaduras Informa\u00e7\u00f5es Adicionais<\/p>\n","protected":false},"author":1,"featured_media":0,"parent":0,"menu_order":0,"comment_status":"closed","ping_status":"closed","template":"page-no-title","meta":{"footnotes":""},"class_list":["post-220","page","type-page","status-publish","hentry"],"yoast_head":"<!-- This site is optimized with the Yoast SEO plugin v23.9 - https:\/\/yoast.com\/wordpress\/plugins\/seo\/ -->\n<title>Lajotek | Lajes pr\u00e9-moldadas Curitiba<\/title>\n<meta name=\"description\" content=\"Lajotek f\u00e1brica de lajes pr\u00e9-moldadas para residenciais e com\u00e9rcios em Curitiba e regi\u00e3o. Priorizamos qualidade e atendimento ao cliente.\" \/>\n<meta name=\"robots\" content=\"index, follow, max-snippet:-1, max-image-preview:large, max-video-preview:-1\" \/>\n<link rel=\"canonical\" href=\"https:\/\/lajotek.com.br\/\" \/>\n<link rel=\"next\" href=\"https:\/\/lajotek.com.br\/index.php\/wp-json\/wp\/v2\/pages\/220?query-10-page=2\" \/>\n<meta property=\"og:locale\" content=\"pt_BR\" \/>\n<meta property=\"og:type\" content=\"article\" \/>\n<meta property=\"og:title\" content=\"Lajotek | Lajes pr\u00e9-moldadas Curitiba\" \/>\n<meta property=\"og:description\" content=\"Lajotek f\u00e1brica de lajes pr\u00e9-moldadas para residenciais e com\u00e9rcios em Curitiba e regi\u00e3o. Priorizamos qualidade e atendimento ao cliente.\" \/>\n<meta property=\"og:url\" content=\"https:\/\/lajotek.com.br\/\" \/>\n<meta property=\"og:site_name\" content=\"Lajes Lajotek - Laje Treli\u00e7a, Convencional, Painel e Bidirecionai | Lajes em Curitiba\" \/>\n<meta property=\"article:publisher\" content=\"https:\/\/facebook.com.br\/lajotek\" \/>\n<meta property=\"article:modified_time\" content=\"2024-10-02T14:40:12+00:00\" \/>\n<meta property=\"og:image\" content=\"https:\/\/lajotek.com.br\/wp-content\/uploads\/2024\/09\/WhatsApp-Image-2024-03-18-at-09.12.23-edited.jpg\" \/>\n<meta name=\"twitter:card\" content=\"summary_large_image\" \/>\n<meta name=\"twitter:label1\" content=\"Est. tempo de leitura\" \/>\n\t<meta name=\"twitter:data1\" content=\"1 minuto\" \/>\n<script type=\"application\/ld+json\" class=\"yoast-schema-graph\">{\"@context\":\"https:\/\/schema.org\",\"@graph\":[{\"@type\":\"WebPage\",\"@id\":\"https:\/\/lajotek.com.br\/\",\"url\":\"https:\/\/lajotek.com.br\/\",\"name\":\"Lajotek | Lajes pr\u00e9-moldadas Curitiba\",\"isPartOf\":{\"@id\":\"https:\/\/lajotek.com.br\/#website\"},\"primaryImageOfPage\":{\"@id\":\"https:\/\/lajotek.com.br\/#primaryimage\"},\"image\":{\"@id\":\"https:\/\/lajotek.com.br\/#primaryimage\"},\"thumbnailUrl\":\"https:\/\/lajotek.com.br\/wp-content\/uploads\/2024\/09\/WhatsApp-Image-2024-03-18-at-09.12.23-edited.jpg\",\"datePublished\":\"2024-09-05T10:55:47+00:00\",\"dateModified\":\"2024-10-02T14:40:12+00:00\",\"description\":\"Lajotek f\u00e1brica de lajes pr\u00e9-moldadas para residenciais e com\u00e9rcios em Curitiba e regi\u00e3o. Priorizamos qualidade e atendimento ao cliente.\",\"breadcrumb\":{\"@id\":\"https:\/\/lajotek.com.br\/#breadcrumb\"},\"inLanguage\":\"pt-BR\",\"potentialAction\":[{\"@type\":\"ReadAction\",\"target\":[\"https:\/\/lajotek.com.br\/\"]}]},{\"@type\":\"ImageObject\",\"inLanguage\":\"pt-BR\",\"@id\":\"https:\/\/lajotek.com.br\/#primaryimage\",\"url\":\"https:\/\/lajotek.com.br\/wp-content\/uploads\/2024\/09\/WhatsApp-Image-2024-03-18-at-09.12.23-edited.jpg\",\"contentUrl\":\"https:\/\/lajotek.com.br\/wp-content\/uploads\/2024\/09\/WhatsApp-Image-2024-03-18-at-09.12.23-edited.jpg\",\"width\":960,\"height\":960,\"caption\":\"Laje Pr\u00e9-moldada com cer\u00e2mica\"},{\"@type\":\"BreadcrumbList\",\"@id\":\"https:\/\/lajotek.com.br\/#breadcrumb\",\"itemListElement\":[{\"@type\":\"ListItem\",\"position\":1,\"name\":\"In\u00edcio\",\"item\":\"https:\/\/lajotek.com.br\/\"},{\"@type\":\"ListItem\",\"position\":2,\"name\":\"In\u00edcio\"}]},{\"@type\":\"WebSite\",\"@id\":\"https:\/\/lajotek.com.br\/#website\",\"url\":\"https:\/\/lajotek.com.br\/\",\"name\":\"Lajotek Lajes Treli\u00e7as, Convencional, Painel e Bidirecionais | Lajes em Curitiba\",\"description\":\"Desde 1986, a Lajotek se destaca na fabrica\u00e7\u00e3o de lajes, vigas pr\u00e9-moldadas e blocos de EPS para constru\u00e7\u00f5es residenciais e comerciais em Curitiba e regi\u00e3o. Priorizamos qualidade e atendimento ao cliente. Confira nossa variedade de produtos!\",\"publisher\":{\"@id\":\"https:\/\/lajotek.com.br\/#organization\"},\"alternateName\":\"Lajotek - Lajes Curitiba\",\"potentialAction\":[{\"@type\":\"SearchAction\",\"target\":{\"@type\":\"EntryPoint\",\"urlTemplate\":\"https:\/\/lajotek.com.br\/?s={search_term_string}\"},\"query-input\":{\"@type\":\"PropertyValueSpecification\",\"valueRequired\":true,\"valueName\":\"search_term_string\"}}],\"inLanguage\":\"pt-BR\"},{\"@type\":\"Organization\",\"@id\":\"https:\/\/lajotek.com.br\/#organization\",\"name\":\"Lajotek Lajes Treli\u00e7as, Convencional, Painel e Bidirecionais | Lajes em Curitiba\",\"alternateName\":\"Lajotek - Lajes Curitiba\",\"url\":\"https:\/\/lajotek.com.br\/\",\"logo\":{\"@type\":\"ImageObject\",\"inLanguage\":\"pt-BR\",\"@id\":\"https:\/\/lajotek.com.br\/#\/schema\/logo\/image\/\",\"url\":\"https:\/\/lajotek.com.br\/wp-content\/uploads\/2024\/10\/logo-png.webp\",\"contentUrl\":\"https:\/\/lajotek.com.br\/wp-content\/uploads\/2024\/10\/logo-png.webp\",\"width\":976,\"height\":1002,\"caption\":\"Lajotek Lajes Treli\u00e7as, Convencional, Painel e Bidirecionais | Lajes em Curitiba\"},\"image\":{\"@id\":\"https:\/\/lajotek.com.br\/#\/schema\/logo\/image\/\"},\"sameAs\":[\"https:\/\/facebook.com.br\/lajotek\",\"https:\/\/www.instagram.com\/lajeslajotek\"]}]}<\/script>\n<!-- \/ Yoast SEO plugin. -->","yoast_head_json":{"title":"Lajotek | Lajes pr\u00e9-moldadas Curitiba","description":"Lajotek f\u00e1brica de lajes pr\u00e9-moldadas para residenciais e com\u00e9rcios em Curitiba e regi\u00e3o. Priorizamos qualidade e atendimento ao cliente.","robots":{"index":"index","follow":"follow","max-snippet":"max-snippet:-1","max-image-preview":"max-image-preview:large","max-video-preview":"max-video-preview:-1"},"canonical":"https:\/\/lajotek.com.br\/","next":"https:\/\/lajotek.com.br\/index.php\/wp-json\/wp\/v2\/pages\/220?query-10-page=2","og_locale":"pt_BR","og_type":"article","og_title":"Lajotek | Lajes pr\u00e9-moldadas Curitiba","og_description":"Lajotek f\u00e1brica de lajes pr\u00e9-moldadas para residenciais e com\u00e9rcios em Curitiba e regi\u00e3o. Priorizamos qualidade e atendimento ao cliente.","og_url":"https:\/\/lajotek.com.br\/","og_site_name":"Lajes Lajotek - Laje Treli\u00e7a, Convencional, Painel e Bidirecionai | Lajes em Curitiba","article_publisher":"https:\/\/facebook.com.br\/lajotek","article_modified_time":"2024-10-02T14:40:12+00:00","og_image":[{"url":"https:\/\/lajotek.com.br\/wp-content\/uploads\/2024\/09\/WhatsApp-Image-2024-03-18-at-09.12.23-edited.jpg"}],"twitter_card":"summary_large_image","twitter_misc":{"Est. tempo de leitura":"1 minuto"},"schema":{"@context":"https:\/\/schema.org","@graph":[{"@type":"WebPage","@id":"https:\/\/lajotek.com.br\/","url":"https:\/\/lajotek.com.br\/","name":"Lajotek | Lajes pr\u00e9-moldadas Curitiba","isPartOf":{"@id":"https:\/\/lajotek.com.br\/#website"},"primaryImageOfPage":{"@id":"https:\/\/lajotek.com.br\/#primaryimage"},"image":{"@id":"https:\/\/lajotek.com.br\/#primaryimage"},"thumbnailUrl":"https:\/\/lajotek.com.br\/wp-content\/uploads\/2024\/09\/WhatsApp-Image-2024-03-18-at-09.12.23-edited.jpg","datePublished":"2024-09-05T10:55:47+00:00","dateModified":"2024-10-02T14:40:12+00:00","description":"Lajotek f\u00e1brica de lajes pr\u00e9-moldadas para residenciais e com\u00e9rcios em Curitiba e regi\u00e3o. Priorizamos qualidade e atendimento ao cliente.","breadcrumb":{"@id":"https:\/\/lajotek.com.br\/#breadcrumb"},"inLanguage":"pt-BR","potentialAction":[{"@type":"ReadAction","target":["https:\/\/lajotek.com.br\/"]}]},{"@type":"ImageObject","inLanguage":"pt-BR","@id":"https:\/\/lajotek.com.br\/#primaryimage","url":"https:\/\/lajotek.com.br\/wp-content\/uploads\/2024\/09\/WhatsApp-Image-2024-03-18-at-09.12.23-edited.jpg","contentUrl":"https:\/\/lajotek.com.br\/wp-content\/uploads\/2024\/09\/WhatsApp-Image-2024-03-18-at-09.12.23-edited.jpg","width":960,"height":960,"caption":"Laje Pr\u00e9-moldada com cer\u00e2mica"},{"@type":"BreadcrumbList","@id":"https:\/\/lajotek.com.br\/#breadcrumb","itemListElement":[{"@type":"ListItem","position":1,"name":"In\u00edcio","item":"https:\/\/lajotek.com.br\/"},{"@type":"ListItem","position":2,"name":"In\u00edcio"}]},{"@type":"WebSite","@id":"https:\/\/lajotek.com.br\/#website","url":"https:\/\/lajotek.com.br\/","name":"Lajotek Lajes Treli\u00e7as, Convencional, Painel e Bidirecionais | Lajes em Curitiba","description":"Desde 1986, a Lajotek se destaca na fabrica\u00e7\u00e3o de lajes, vigas pr\u00e9-moldadas e blocos de EPS para constru\u00e7\u00f5es residenciais e comerciais em Curitiba e regi\u00e3o. Priorizamos qualidade e atendimento ao cliente. Confira nossa variedade de produtos!","publisher":{"@id":"https:\/\/lajotek.com.br\/#organization"},"alternateName":"Lajotek - Lajes Curitiba","potentialAction":[{"@type":"SearchAction","target":{"@type":"EntryPoint","urlTemplate":"https:\/\/lajotek.com.br\/?s={search_term_string}"},"query-input":{"@type":"PropertyValueSpecification","valueRequired":true,"valueName":"search_term_string"}}],"inLanguage":"pt-BR"},{"@type":"Organization","@id":"https:\/\/lajotek.com.br\/#organization","name":"Lajotek Lajes Treli\u00e7as, Convencional, Painel e Bidirecionais | Lajes em Curitiba","alternateName":"Lajotek - Lajes Curitiba","url":"https:\/\/lajotek.com.br\/","logo":{"@type":"ImageObject","inLanguage":"pt-BR","@id":"https:\/\/lajotek.com.br\/#\/schema\/logo\/image\/","url":"https:\/\/lajotek.com.br\/wp-content\/uploads\/2024\/10\/logo-png.webp","contentUrl":"https:\/\/lajotek.com.br\/wp-content\/uploads\/2024\/10\/logo-png.webp","width":976,"height":1002,"caption":"Lajotek Lajes Treli\u00e7as, Convencional, Painel e Bidirecionais | Lajes em Curitiba"},"image":{"@id":"https:\/\/lajotek.com.br\/#\/schema\/logo\/image\/"},"sameAs":["https:\/\/facebook.com.br\/lajotek","https:\/\/www.instagram.com\/lajeslajotek"]}]}},"_links":{"self":[{"href":"https:\/\/lajotek.com.br\/index.php\/wp-json\/wp\/v2\/pages\/220","targetHints":{"allow":["GET"]}}],"collection":[{"href":"https:\/\/lajotek.com.br\/index.php\/wp-json\/wp\/v2\/pages"}],"about":[{"href":"https:\/\/lajotek.com.br\/index.php\/wp-json\/wp\/v2\/types\/page"}],"author":[{"embeddable":true,"href":"https:\/\/lajotek.com.br\/index.php\/wp-json\/wp\/v2\/users\/1"}],"replies":[{"embeddable":true,"href":"https:\/\/lajotek.com.br\/index.php\/wp-json\/wp\/v2\/comments?post=220"}],"version-history":[{"count":2,"href":"https:\/\/lajotek.com.br\/index.php\/wp-json\/wp\/v2\/pages\/220\/revisions"}],"predecessor-version":[{"id":876,"href":"https:\/\/lajotek.com.br\/index.php\/wp-json\/wp\/v2\/pages\/220\/revisions\/876"}],"wp:attachment":[{"href":"https:\/\/lajotek.com.br\/index.php\/wp-json\/wp\/v2\/media?parent=220"}],"curies":[{"name":"wp","href":"https:\/\/api.w.org\/{rel}","templated":true}]}}